{"id":28,"date":"2022-06-19T19:31:07","date_gmt":"2022-06-19T17:31:07","guid":{"rendered":"https:\/\/psychotherapie-sezer.com\/?page_id=28"},"modified":"2026-01-15T14:07:33","modified_gmt":"2026-01-15T13:07:33","slug":"oguzhan-sezer-viyana-turkce-terapist","status":"publish","type":"page","link":"https:\/\/psychotherapie-sezer.com\/tr\/oguzhan-sezer-viyana-turkce-terapist\/","title":{"rendered":"\u00dcber Mich"},"content":{"rendered":"<div class=\"wp-block-group alignfull has-text-color has-background\" style=\"color:#1d1e1e;background-color:#ece2e0;padding-top:80px;padding-bottom:80px\"><div class=\"wp-block-group__inner-container is-layout-constrained wp-block-group-is-layout-constrained\">\n<div class=\"wp-block-columns alignwide is-layout-flex wp-container-core-columns-is-layout-7387b849 wp-block-columns-is-layout-flex\">\n<div class=\"wp-block-column is-layout-flow wp-block-column-is-layout-flow\" style=\"padding-right:80px;flex-basis:66.66%\">\n<script type=\"application\/ld+json\">\n{\n  \"@context\": \"https:\/\/schema.org\",\n  \"@type\": \"Person\",\n  \"@id\": \"https:\/\/psychotherapie-sezer.com\/#person\",\n  \"name\": \"O\u011fuzhan Sezer\",\n  \"url\": \"https:\/\/psychotherapie-sezer.com\/oguzhan-sezer-viyana-turkce-terapist\/\",\n  \"jobTitle\": \"Psychotherapeut\",\n  \"image\": {\n    \"@type\": \"ImageObject\",\n    \"url\": \"https:\/\/psychotherapie-sezer.com\/wp-content\/uploads\/2026\/01\/Oguzhan-Sezer_Psychotherapeut_Wien.jpg\",\n    \"width\": 768,\n    \"height\": 1025\n  },\n  \"address\": {\n    \"@type\": \"PostalAddress\",\n    \"addressLocality\": \"Wien\",\n    \"addressCountry\": \"AT\"\n  }\n}\n<\/script>\n\n\n\n<h2 class=\"wp-block-heading\" style=\"font-size:55px;text-transform:capitalize\">Oguzhan Sezer<\/h2>\n\n\n\n<p class=\"has-small-font-size wp-block-paragraph\">Psychotherapeut und Psychoanalytiker<\/p>\n<\/div>\n<\/div>\n\n\n\n<div class=\"wp-block-columns alignwide is-layout-flex wp-container-core-columns-is-layout-7387b849 wp-block-columns-is-layout-flex\">\n<div class=\"wp-block-column is-vertically-aligned-top is-layout-flow wp-block-column-is-layout-flow\" style=\"padding-right:80px;flex-basis:66.66%\">\n<h2 class=\"wp-block-heading has-small-font-size\" style=\"text-transform:uppercase\">\u00dcber M\u0131ch <\/h2>\n\n\n\n<p class=\"has-small-font-size wp-block-paragraph\">\u0130\u015fim, bir ki\u015fide psikolojik sorunlar\u0131n nas\u0131l ortaya \u00e7\u0131kt\u0131\u011f\u0131 ve bunlar\u0131n bilimsel bir teori ve teknik kullan\u0131larak nas\u0131l tedavi edildi\u011fi \u00fczerine odaklan\u0131yor.<br><br>Ich habe in Istanbul und Wien studiert. Nach meiner Approbation als Psychotherapeut, Arbeite ich derzeit in meiner Privatpraxis im 1080. Dort biete ich Sprechstunden an und forsche dort.<\/p>\n<\/div>\n\n\n\n<div class=\"wp-block-column is-layout-flow wp-block-column-is-layout-flow\" style=\"padding-right:80px;flex-basis:33.33%\">\n<figure class=\"wp-block-image size-large\"><img data-recalc-dims=\"1\" loading=\"lazy\" decoding=\"async\" width=\"750\" height=\"1000\" data-attachment-id=\"1242\" data-permalink=\"https:\/\/psychotherapie-sezer.com\/tr\/oguzhan-sezer-viyana-turkce-terapist\/oguzhan-sezer_psychotherapeut_wien\/\" data-orig-file=\"https:\/\/i0.wp.com\/psychotherapie-sezer.com\/wp-content\/uploads\/2026\/01\/Oguzhan-Sezer_Psychotherapeut_Wien.jpg?fit=1000%2C1334&amp;ssl=1\" data-orig-size=\"1000,1334\" data-comments-opened=\"1\" data-image-meta=\"{&quot;aperture&quot;:&quot;0&quot;,&quot;credit&quot;:&quot;&quot;,&quot;camera&quot;:&quot;&quot;,&quot;caption&quot;:&quot;&quot;,&quot;created_timestamp&quot;:&quot;0&quot;,&quot;copyright&quot;:&quot;&quot;,&quot;focal_length&quot;:&quot;0&quot;,&quot;iso&quot;:&quot;0&quot;,&quot;shutter_speed&quot;:&quot;0&quot;,&quot;title&quot;:&quot;&quot;,&quot;orientation&quot;:&quot;0&quot;}\" data-image-title=\"Oguzhan-Sezer_Psychotherapeut_Wien\" data-image-description=\"\" data-image-caption=\"\" data-large-file=\"https:\/\/i0.wp.com\/psychotherapie-sezer.com\/wp-content\/uploads\/2026\/01\/Oguzhan-Sezer_Psychotherapeut_Wien.jpg?fit=750%2C1000&amp;ssl=1\" src=\"https:\/\/i0.wp.com\/psychotherapie-sezer.com\/wp-content\/uploads\/2026\/01\/Oguzhan-Sezer_Psychotherapeut_Wien.jpg?resize=750%2C1000&#038;ssl=1\" alt=\"\" class=\"wp-image-1242\" srcset=\"https:\/\/i0.wp.com\/psychotherapie-sezer.com\/wp-content\/uploads\/2026\/01\/Oguzhan-Sezer_Psychotherapeut_Wien.jpg?resize=768%2C1025&amp;ssl=1 768w, https:\/\/i0.wp.com\/psychotherapie-sezer.com\/wp-content\/uploads\/2026\/01\/Oguzhan-Sezer_Psychotherapeut_Wien.jpg?resize=225%2C300&amp;ssl=1 225w, https:\/\/i0.wp.com\/psychotherapie-sezer.com\/wp-content\/uploads\/2026\/01\/Oguzhan-Sezer_Psychotherapeut_Wien.jpg?resize=9%2C12&amp;ssl=1 9w, https:\/\/i0.wp.com\/psychotherapie-sezer.com\/wp-content\/uploads\/2026\/01\/Oguzhan-Sezer_Psychotherapeut_Wien.jpg?resize=900%2C1200&amp;ssl=1 900w, https:\/\/i0.wp.com\/psychotherapie-sezer.com\/wp-content\/uploads\/2026\/01\/Oguzhan-Sezer_Psychotherapeut_Wien.jpg?resize=600%2C800&amp;ssl=1 600w, https:\/\/i0.wp.com\/psychotherapie-sezer.com\/wp-content\/uploads\/2026\/01\/Oguzhan-Sezer_Psychotherapeut_Wien.jpg?resize=450%2C600&amp;ssl=1 450w, https:\/\/i0.wp.com\/psychotherapie-sezer.com\/wp-content\/uploads\/2026\/01\/Oguzhan-Sezer_Psychotherapeut_Wien.jpg?resize=300%2C400&amp;ssl=1 300w, https:\/\/i0.wp.com\/psychotherapie-sezer.com\/wp-content\/uploads\/2026\/01\/Oguzhan-Sezer_Psychotherapeut_Wien.jpg?resize=150%2C200&amp;ssl=1 150w, https:\/\/i0.wp.com\/psychotherapie-sezer.com\/wp-content\/uploads\/2026\/01\/Oguzhan-Sezer_Psychotherapeut_Wien.jpg?w=1000&amp;ssl=1 1000w\" sizes=\"auto, (max-width: 750px) 100vw, 750px\" \/><\/figure>\n<\/div>\n<\/div>\n\n\n\n<div class=\"wp-block-columns alignwide is-layout-flex wp-container-core-columns-is-layout-7387b849 wp-block-columns-is-layout-flex\">\n<div class=\"wp-block-column is-layout-flow wp-block-column-is-layout-flow\" style=\"flex-basis:66.66%\">\n<h2 class=\"wp-block-heading has-small-font-size\" style=\"text-transform:uppercase\"><strong>Deneyim<\/strong><\/h2>\n\n\n\n<ul class=\"wp-block-list\">\n<li>Psikoterapist Listesine Giri\u015f 2025<\/li>\n\n\n\n<li>Humanite T\u0131p Merkezi 2024<\/li>\n\n\n\n<li>Kendi Ofisim 2021-<\/li>\n\n\n\n<li>Sigmund Freud Universite Klini\u011fi 2019-2021<\/li>\n\n\n\n<li>Ondokuz May\u0131s \u00dcniversite Hastanesi 2018<\/li>\n\n\n\n<li>Aura Otistikler Derne\u011fi 2016<\/li>\n\n\n\n<li>Frans\u0131z Lape Hastanesi 2015<\/li>\n<\/ul>\n\n\n\n<p class=\"has-small-font-size wp-block-paragraph\">\u0130leti\u015fim i\u00e7in:<a href=\"https:\/\/psychotherapie-sezer.com\/tr\/iletisim\/\">Buras\u0131<\/a><br>Sigmund Freud \u00dcniversitesi i\u00e7in:<a href=\"https:\/\/www.sfu.ac.at\/\">Buras\u0131<\/a><\/p>\n\n\n\n<p class=\"has-small-font-size wp-block-paragraph\"><br><\/p>\n<\/div>\n\n\n\n<div class=\"wp-block-column is-layout-flow wp-block-column-is-layout-flow\" style=\"flex-basis:33.33%\">\n<h2 class=\"wp-block-heading has-small-font-size\" style=\"text-transform:uppercase\"><strong>E\u011fitim<\/strong><\/h2>\n\n\n\n<ul class=\"wp-block-list\">\n<li>Fachspezifikum Psychoanalyse\/Psychoanalytische Psychotherapie 2025<\/li>\n\n\n\n<li>Masterabschluss in Psychotherapiewissenschaft an der Sigmund Freud Privatuniversit\u00e4t 2024<\/li>\n\n\n\n<li>Psychotherapeutentitel in Ausbildung unter Supervision am Psychoanalytischen Seminar Innsbruck 2019<\/li>\n\n\n\n<li>Bachelorabschluss in Psychotherapiewissenschaft an der Sigmund Freud Privatuniversit\u00e4t 2019<\/li>\n\n\n\n<li>Bachelorabschluss in Psychologie an der Istanbul Bilgi Universit\u00e4t 2015<\/li>\n\n\n\n<li>Bachelorabschluss in Soziologie an der Istanbul Bilgi Universit\u00e4t 2015<\/li>\n<\/ul>\n\n\n\n<p class=\"has-small-font-size wp-block-paragraph\"><\/p>\n<\/div>\n<\/div>\n<\/div><\/div>\n\n\n\n<p class=\"wp-block-paragraph\">Mag. pth. Oguzhan Sezer Psychotherapeut\/Psychoanalytiker<\/p>\n\n\n\n<p class=\"wp-block-paragraph\"><\/p>","protected":false},"excerpt":{"rendered":"<p>Oguzhan Sezer Psychotherapeut und Psychoanalytiker \u00dcber M\u0131ch Meine Arbeit besch\u00e4ftigt sich mit der Entstehung psychischer Probleme und deren Behandlung mithilfe wissenschaftlicher Theorien und Techniken. Ich habe in Istanbul und Wien studiert. Nach meiner Approbation als Psychotherapeut, Arbeite ich derzeit in meiner Privatpraxis im 1080. Dort biete ich Sprechstunden an und forsche dort. Erfahrung \u0130leti\u015fim i\u00e7in:Buras\u0131Sigmund<a class=\"more-link\" href=\"https:\/\/psychotherapie-sezer.com\/tr\/oguzhan-sezer-viyana-turkce-terapist\/\"><span class=\"screen-reader-text\">&#8222;\u00dcber Mich&#8220;<\/span> yaz\u0131s\u0131n\u0131n devam\u0131n\u0131 oku<\/a><\/p>","protected":false},"author":207277193,"featured_media":0,"parent":0,"menu_order":0,"comment_status":"closed","ping_status":"closed","template":"","meta":{"_coblocks_attr":"","_coblocks_dimensions":"","_coblocks_responsive_height":"","_coblocks_accordion_ie_support":"","_wpcom_ai_launchpad_about_page":false,"_wpcom_ai_launchpad_gallery_page":false,"_wpcom_ai_launchpad_contact_page":false,"_wpcom_ai_launchpad_events_page":false,"_wpcom_ai_launchpad_video_page":false,"_wpcom_ai_launchpad_portfolio_piece":false,"footnotes":""},"class_list":["post-28","page","type-page","status-publish","hentry","entry"],"yoast_head":"<!-- This site is optimized with the Yoast SEO plugin v28.4 - https:\/\/yoast.com\/product\/yoast-seo-wordpress\/ -->\n<title>\u00dcber Mich - Psychotherapie\/Psychoanalyse Oguzhan Sezer O\u011fuzhan Sezer \u2013 Viyana T\u00fcrk\u00e7e Psikoterapist<\/title>\n<meta name=\"description\" content=\"Viyana T\u00fcrk\u00e7e terapist O\u011fuzhan Sezer olarak, psikolojik zorluklar\u0131n bilimsel y\u00f6ntemlerle nas\u0131l ele al\u0131nd\u0131\u011f\u0131n\u0131 ara\u015ft\u0131r\u0131yor\" \/>\n<meta name=\"robots\" content=\"index, follow, max-snippet:-1, max-image-preview:large, max-video-preview:-1\" \/>\n<link rel=\"canonical\" href=\"https:\/\/psychotherapie-sezer.com\/tr\/oguzhan-sezer-viyana-turkce-terapist\/\" \/>\n<meta property=\"og:locale\" content=\"tr_TR\" \/>\n<meta property=\"og:type\" content=\"article\" \/>\n<meta property=\"og:title\" content=\"\u00dcber Mich - Psychotherapie\/Psychoanalyse Oguzhan Sezer O\u011fuzhan Sezer \u2013 Viyana T\u00fcrk\u00e7e Psikoterapist\" \/>\n<meta property=\"og:description\" content=\"Viyana T\u00fcrk\u00e7e terapist O\u011fuzhan Sezer olarak, psikolojik zorluklar\u0131n bilimsel y\u00f6ntemlerle nas\u0131l ele al\u0131nd\u0131\u011f\u0131n\u0131 ara\u015ft\u0131r\u0131yor\" \/>\n<meta property=\"og:url\" content=\"https:\/\/psychotherapie-sezer.com\/tr\/oguzhan-sezer-viyana-turkce-terapist\/\" \/>\n<meta property=\"og:site_name\" content=\"Psychotherapie\/Psychoanalyse Oguzhan Sezer\" \/>\n<meta property=\"article:modified_time\" content=\"2026-01-15T13:07:33+00:00\" \/>\n<meta property=\"og:image\" content=\"https:\/\/psychotherapie-sezer.com\/wp-content\/uploads\/2026\/01\/Oguzhan-Sezer_Psychotherapeut_Wien-768x1024.jpg\" \/>\n<meta name=\"twitter:card\" content=\"summary_large_image\" \/>\n<meta name=\"twitter:label1\" content=\"Tahmini okuma s\u00fcresi\" \/>\n\t<meta name=\"twitter:data1\" content=\"1 dakika\" \/>\n<script type=\"application\/ld+json\" class=\"yoast-schema-graph\">{\"@context\":\"https:\\\/\\\/schema.org\",\"@graph\":[{\"@type\":\"WebPage\",\"@id\":\"https:\\\/\\\/psychotherapie-sezer.com\\\/oguzhan-sezer-viyana-turkce-terapist\\\/\",\"url\":\"https:\\\/\\\/psychotherapie-sezer.com\\\/oguzhan-sezer-viyana-turkce-terapist\\\/\",\"name\":\"\u00dcber Mich - Psychotherapie\\\/Psychoanalyse Oguzhan Sezer O\u011fuzhan Sezer \u2013 Viyana T\u00fcrk\u00e7e Psikoterapist\",\"isPartOf\":{\"@id\":\"https:\\\/\\\/psychotherapie-sezer.com\\\/#website\"},\"primaryImageOfPage\":{\"@id\":\"https:\\\/\\\/psychotherapie-sezer.com\\\/oguzhan-sezer-viyana-turkce-terapist\\\/#primaryimage\"},\"image\":{\"@id\":\"https:\\\/\\\/psychotherapie-sezer.com\\\/oguzhan-sezer-viyana-turkce-terapist\\\/#primaryimage\"},\"thumbnailUrl\":\"https:\\\/\\\/psychotherapie-sezer.com\\\/wp-content\\\/uploads\\\/2026\\\/01\\\/Oguzhan-Sezer_Psychotherapeut_Wien-768x1024.jpg\",\"datePublished\":\"2022-06-19T17:31:07+00:00\",\"dateModified\":\"2026-01-15T13:07:33+00:00\",\"description\":\"Viyana T\u00fcrk\u00e7e terapist O\u011fuzhan Sezer olarak, psikolojik zorluklar\u0131n bilimsel y\u00f6ntemlerle nas\u0131l ele al\u0131nd\u0131\u011f\u0131n\u0131 ara\u015ft\u0131r\u0131yor\",\"breadcrumb\":{\"@id\":\"https:\\\/\\\/psychotherapie-sezer.com\\\/oguzhan-sezer-viyana-turkce-terapist\\\/#breadcrumb\"},\"inLanguage\":\"tr\",\"potentialAction\":[{\"@type\":\"ReadAction\",\"target\":[\"https:\\\/\\\/psychotherapie-sezer.com\\\/oguzhan-sezer-viyana-turkce-terapist\\\/\"]}]},{\"@type\":\"ImageObject\",\"inLanguage\":\"tr\",\"@id\":\"https:\\\/\\\/psychotherapie-sezer.com\\\/oguzhan-sezer-viyana-turkce-terapist\\\/#primaryimage\",\"url\":\"https:\\\/\\\/psychotherapie-sezer.com\\\/wp-content\\\/uploads\\\/2026\\\/01\\\/Oguzhan-Sezer_Psychotherapeut_Wien-768x1024.jpg\",\"contentUrl\":\"https:\\\/\\\/psychotherapie-sezer.com\\\/wp-content\\\/uploads\\\/2026\\\/01\\\/Oguzhan-Sezer_Psychotherapeut_Wien-768x1024.jpg\"},{\"@type\":\"BreadcrumbList\",\"@id\":\"https:\\\/\\\/psychotherapie-sezer.com\\\/oguzhan-sezer-viyana-turkce-terapist\\\/#breadcrumb\",\"itemListElement\":[{\"@type\":\"ListItem\",\"position\":1,\"name\":\"Home\",\"item\":\"https:\\\/\\\/psychotherapie-sezer.com\\\/\"},{\"@type\":\"ListItem\",\"position\":2,\"name\":\"\u00dcber Mich\"}]},{\"@type\":\"WebSite\",\"@id\":\"https:\\\/\\\/psychotherapie-sezer.com\\\/#website\",\"url\":\"https:\\\/\\\/psychotherapie-sezer.com\\\/\",\"name\":\"Psychotherapie\\\/Psychoanalyse Oguzhan Sezer\",\"description\":\"\",\"publisher\":{\"@id\":\"https:\\\/\\\/psychotherapie-sezer.com\\\/#\\\/schema\\\/person\\\/32490d9a848795e113fbffa6e21f56f7\"},\"potentialAction\":[{\"@type\":\"SearchAction\",\"target\":{\"@type\":\"EntryPoint\",\"urlTemplate\":\"https:\\\/\\\/psychotherapie-sezer.com\\\/?s={search_term_string}\"},\"query-input\":{\"@type\":\"PropertyValueSpecification\",\"valueRequired\":true,\"valueName\":\"search_term_string\"}}],\"inLanguage\":\"tr\"},{\"@type\":[\"Person\",\"Organization\"],\"@id\":\"https:\\\/\\\/psychotherapie-sezer.com\\\/#\\\/schema\\\/person\\\/32490d9a848795e113fbffa6e21f56f7\",\"name\":\"Oguzhan Sezer\",\"image\":{\"@type\":\"ImageObject\",\"inLanguage\":\"tr\",\"@id\":\"https:\\\/\\\/secure.gravatar.com\\\/avatar\\\/efd13111fcb07c324a98d65bdf211de81694aae7c1c2b13cafe1760f3a29ce61?s=96&d=identicon&r=g\",\"url\":\"https:\\\/\\\/secure.gravatar.com\\\/avatar\\\/efd13111fcb07c324a98d65bdf211de81694aae7c1c2b13cafe1760f3a29ce61?s=96&d=identicon&r=g\",\"contentUrl\":\"https:\\\/\\\/secure.gravatar.com\\\/avatar\\\/efd13111fcb07c324a98d65bdf211de81694aae7c1c2b13cafe1760f3a29ce61?s=96&d=identicon&r=g\",\"caption\":\"Oguzhan Sezer\"},\"logo\":{\"@id\":\"https:\\\/\\\/secure.gravatar.com\\\/avatar\\\/efd13111fcb07c324a98d65bdf211de81694aae7c1c2b13cafe1760f3a29ce61?s=96&d=identicon&r=g\"},\"sameAs\":[\"http:\\\/\\\/psychotherapiesezer.wordpress.com\"]}]}<\/script>\n<!-- \/ Yoast SEO plugin. -->","yoast_head_json":{"title":"\u00dcber Mich - Psychotherapie\/Psychoanalyse Oguzhan Sezer O\u011fuzhan Sezer \u2013 Viyana T\u00fcrk\u00e7e Psikoterapist","description":"Viyana T\u00fcrk\u00e7e terapist O\u011fuzhan Sezer olarak, psikolojik zorluklar\u0131n bilimsel y\u00f6ntemlerle nas\u0131l ele al\u0131nd\u0131\u011f\u0131n\u0131 ara\u015ft\u0131r\u0131yor","robots":{"index":"index","follow":"follow","max-snippet":"max-snippet:-1","max-image-preview":"max-image-preview:large","max-video-preview":"max-video-preview:-1"},"canonical":"https:\/\/psychotherapie-sezer.com\/tr\/oguzhan-sezer-viyana-turkce-terapist\/","og_locale":"tr_TR","og_type":"article","og_title":"\u00dcber Mich - Psychotherapie\/Psychoanalyse Oguzhan Sezer O\u011fuzhan Sezer \u2013 Viyana T\u00fcrk\u00e7e Psikoterapist","og_description":"Viyana T\u00fcrk\u00e7e terapist O\u011fuzhan Sezer olarak, psikolojik zorluklar\u0131n bilimsel y\u00f6ntemlerle nas\u0131l ele al\u0131nd\u0131\u011f\u0131n\u0131 ara\u015ft\u0131r\u0131yor","og_url":"https:\/\/psychotherapie-sezer.com\/tr\/oguzhan-sezer-viyana-turkce-terapist\/","og_site_name":"Psychotherapie\/Psychoanalyse Oguzhan Sezer","article_modified_time":"2026-01-15T13:07:33+00:00","og_image":[{"url":"https:\/\/psychotherapie-sezer.com\/wp-content\/uploads\/2026\/01\/Oguzhan-Sezer_Psychotherapeut_Wien-768x1024.jpg","type":"","width":"","height":""}],"twitter_card":"summary_large_image","twitter_misc":{"Tahmini okuma s\u00fcresi":"1 dakika"},"schema":{"@context":"https:\/\/schema.org","@graph":[{"@type":"WebPage","@id":"https:\/\/psychotherapie-sezer.com\/oguzhan-sezer-viyana-turkce-terapist\/","url":"https:\/\/psychotherapie-sezer.com\/oguzhan-sezer-viyana-turkce-terapist\/","name":"\u00dcber Mich - Psychotherapie\/Psychoanalyse Oguzhan Sezer O\u011fuzhan Sezer \u2013 Viyana T\u00fcrk\u00e7e Psikoterapist","isPartOf":{"@id":"https:\/\/psychotherapie-sezer.com\/#website"},"primaryImageOfPage":{"@id":"https:\/\/psychotherapie-sezer.com\/oguzhan-sezer-viyana-turkce-terapist\/#primaryimage"},"image":{"@id":"https:\/\/psychotherapie-sezer.com\/oguzhan-sezer-viyana-turkce-terapist\/#primaryimage"},"thumbnailUrl":"https:\/\/psychotherapie-sezer.com\/wp-content\/uploads\/2026\/01\/Oguzhan-Sezer_Psychotherapeut_Wien-768x1024.jpg","datePublished":"2022-06-19T17:31:07+00:00","dateModified":"2026-01-15T13:07:33+00:00","description":"Viyana T\u00fcrk\u00e7e terapist O\u011fuzhan Sezer olarak, psikolojik zorluklar\u0131n bilimsel y\u00f6ntemlerle nas\u0131l ele al\u0131nd\u0131\u011f\u0131n\u0131 ara\u015ft\u0131r\u0131yor","breadcrumb":{"@id":"https:\/\/psychotherapie-sezer.com\/oguzhan-sezer-viyana-turkce-terapist\/#breadcrumb"},"inLanguage":"tr","potentialAction":[{"@type":"ReadAction","target":["https:\/\/psychotherapie-sezer.com\/oguzhan-sezer-viyana-turkce-terapist\/"]}]},{"@type":"ImageObject","inLanguage":"tr","@id":"https:\/\/psychotherapie-sezer.com\/oguzhan-sezer-viyana-turkce-terapist\/#primaryimage","url":"https:\/\/psychotherapie-sezer.com\/wp-content\/uploads\/2026\/01\/Oguzhan-Sezer_Psychotherapeut_Wien-768x1024.jpg","contentUrl":"https:\/\/psychotherapie-sezer.com\/wp-content\/uploads\/2026\/01\/Oguzhan-Sezer_Psychotherapeut_Wien-768x1024.jpg"},{"@type":"BreadcrumbList","@id":"https:\/\/psychotherapie-sezer.com\/oguzhan-sezer-viyana-turkce-terapist\/#breadcrumb","itemListElement":[{"@type":"ListItem","position":1,"name":"Home","item":"https:\/\/psychotherapie-sezer.com\/"},{"@type":"ListItem","position":2,"name":"\u00dcber Mich"}]},{"@type":"WebSite","@id":"https:\/\/psychotherapie-sezer.com\/#website","url":"https:\/\/psychotherapie-sezer.com\/","name":"Psychotherapie\/Psychoanalyse Oguzhan Sezer","description":"","publisher":{"@id":"https:\/\/psychotherapie-sezer.com\/#\/schema\/person\/32490d9a848795e113fbffa6e21f56f7"},"potentialAction":[{"@type":"SearchAction","target":{"@type":"EntryPoint","urlTemplate":"https:\/\/psychotherapie-sezer.com\/?s={search_term_string}"},"query-input":{"@type":"PropertyValueSpecification","valueRequired":true,"valueName":"search_term_string"}}],"inLanguage":"tr"},{"@type":["Person","Organization"],"@id":"https:\/\/psychotherapie-sezer.com\/#\/schema\/person\/32490d9a848795e113fbffa6e21f56f7","name":"Oguzhan Sezer","image":{"@type":"ImageObject","inLanguage":"tr","@id":"https:\/\/secure.gravatar.com\/avatar\/efd13111fcb07c324a98d65bdf211de81694aae7c1c2b13cafe1760f3a29ce61?s=96&d=identicon&r=g","url":"https:\/\/secure.gravatar.com\/avatar\/efd13111fcb07c324a98d65bdf211de81694aae7c1c2b13cafe1760f3a29ce61?s=96&d=identicon&r=g","contentUrl":"https:\/\/secure.gravatar.com\/avatar\/efd13111fcb07c324a98d65bdf211de81694aae7c1c2b13cafe1760f3a29ce61?s=96&d=identicon&r=g","caption":"Oguzhan Sezer"},"logo":{"@id":"https:\/\/secure.gravatar.com\/avatar\/efd13111fcb07c324a98d65bdf211de81694aae7c1c2b13cafe1760f3a29ce61?s=96&d=identicon&r=g"},"sameAs":["http:\/\/psychotherapiesezer.wordpress.com"]}]}},"jetpack_likes_enabled":true,"jetpack_sharing_enabled":true,"jetpack_shortlink":"https:\/\/wp.me\/PdbX4A-s","jetpack-related-posts":[],"_links":{"self":[{"href":"https:\/\/psychotherapie-sezer.com\/tr\/wp-json\/wp\/v2\/pages\/28","targetHints":{"allow":["GET"]}}],"collection":[{"href":"https:\/\/psychotherapie-sezer.com\/tr\/wp-json\/wp\/v2\/pages"}],"about":[{"href":"https:\/\/psychotherapie-sezer.com\/tr\/wp-json\/wp\/v2\/types\/page"}],"author":[{"embeddable":true,"href":"https:\/\/psychotherapie-sezer.com\/tr\/wp-json\/wp\/v2\/users\/207277193"}],"replies":[{"embeddable":true,"href":"https:\/\/psychotherapie-sezer.com\/tr\/wp-json\/wp\/v2\/comments?post=28"}],"version-history":[{"count":33,"href":"https:\/\/psychotherapie-sezer.com\/tr\/wp-json\/wp\/v2\/pages\/28\/revisions"}],"predecessor-version":[{"id":1251,"href":"https:\/\/psychotherapie-sezer.com\/tr\/wp-json\/wp\/v2\/pages\/28\/revisions\/1251"}],"wp:attachment":[{"href":"https:\/\/psychotherapie-sezer.com\/tr\/wp-json\/wp\/v2\/media?parent=28"}],"curies":[{"name":"wp","href":"https:\/\/api.w.org\/{rel}","templated":true}]}}